{"id":2270,"date":"2024-05-20T11:27:50","date_gmt":"2024-05-20T09:27:50","guid":{"rendered":"https:\/\/test.coronadolomiteshotel.com\/privacy-policy\/"},"modified":"2024-06-14T15:16:06","modified_gmt":"2024-06-14T13:16:06","slug":"privacy-policy","status":"publish","type":"page","link":"https:\/\/www.coronadolomiteshotel.com\/en\/privacy-policy\/","title":{"rendered":"Privacy Policy"},"content":{"rendered":"\t\t<div data-elementor-type=\"wp-page\" data-elementor-id=\"2270\" class=\"elementor elementor-2270 elementor-3\" data-elementor-post-type=\"page\">\n\t\t\t\t<div class=\"elementor-element elementor-element-d6d176a e-flex e-con-boxed e-con e-parent\" data-id=\"d6d176a\" data-element_type=\"container\" data-e-type=\"container\">\n\t\t\t\t\t<div class=\"e-con-inner\">\n\t\t\t\t<div class=\"elementor-element elementor-element-60970cce elementor-widget__width-initial elementor-widget elementor-widget-text-editor\" data-id=\"60970cce\" data-element_type=\"widget\" data-e-type=\"widget\" data-widget_type=\"text-editor.default\">\n\t\t\t\t<div class=\"elementor-widget-container\">\n\t\t\t\t\t\t\t\t\t\n<div class=\"et_pb_row et_pb_row_0\">\n<div class=\"et_pb_column et_pb_column_4_4 et_pb_column_0 et_pb_css_mix_blend_mode_passthrough et-last-child\">\n<div class=\"et_pb_module et_pb_text et_pb_text_0 et_pb_text_align_left et_pb_bg_layout_light\">\n<div class=\"et_pb_text_inner\">\n<h3><strong>Privacy<\/strong><\/h3>\n<h5>Informativa ai sensi degli articoli 13 del GDPR \u2013General Data Protection Regulation UE 2016\/679<\/h5>\n<p>In questa pagina si descrivono le modalit\u00e0 di gestione del sito in riferimento al trattamento dei dati personali degli utenti che lo consultano. Si tratta di un\u2019informativa che \u00e8 resa anche ai sensi dell\u2019art. 13 del Regolamento Europeo 2016\/679, a coloro che interagiscono con il sito web <strong><em>https:\/\/<\/em><\/strong><strong><em>www.coronadolomiteshotel.com <\/em><\/strong>corrispondente alla pagina iniziale del sito del Corona Dolomites Hotel. L\u2019informativa \u00e8 resa solo per il sito in oggetto e non anche per altri siti <em>web<\/em> eventualmente consultati dall\u2019utente tramite <em>link<\/em>.   <\/p>\n<h3><strong>Il \u201ctitolare\u201d del trattamento<\/strong><\/h3>\n<p>A seguito della consultazione di questo sito possono essere trattati dati relativi a persone identificate o identificabili. Il titolare del trattamento \u00e8 Pancher Anna &amp; C. S.a.s. \u2013 PIVA 02098020221 (<a href=\"&#x6d;&#97;&#x69;&#x6c;&#116;&#x6f;&#x3a;&#105;&#x6e;&#x66;&#111;&#x40;&#x70;e&#x63;&#x2e;c&#x6f;&#114;o&#x6e;&#97;d&#x6f;&#108;o&#x6d;&#105;t&#x65;&#115;h&#x6f;&#116;e&#x6c;&#46;c&#x6f;&#109;\">info&#64;&#112;&#101;&#99;&#46;&#99;&#111;&#x72;&#x6f;&#x6e;&#x61;&#x64;&#x6f;&#x6c;&#x6f;&#x6d;ites&#104;&#111;&#116;&#101;&#108;&#46;&#99;&#x6f;&#x6d;<\/a>). <\/p>\n<h3><strong>Luogo del trattamento dei dati<\/strong><\/h3>\n<p>I trattamenti connessi ai servizi web di questo sito hanno luogo presso la predetta sede della scrivente e presso le sedi operative di Via Dossi, 6 \u2013 38010 Andalo (Trento, Italy); sono curati solo da personale tecnico dell\u2019Ufficio incaricato del trattamento. In caso di necessit\u00e0, i dati connessi al servizio newsletter possono essere trattati dal personale che cura la manutenzione della parte tecnologica del sito o dal fornitore per il servizio di invio delle stesse: <strong>MailUp S.p.A<\/strong>. con sede legale in Viale F. Restelli 1, 20124 Milano. Inoltre i dati connessi possono essere trattati dal personale che cura la manutenzione del sito web: <a href=\"https:\/\/www.marketingdesign.it\/\"><strong>MarketingDesign<\/strong><\/a> con sede legale in Via Pranzelores, 87 \u2013 38121 Trento, Italy.   <\/p>\n<h3><strong>Tipi di dati trattati<\/strong><\/h3>\n<p><strong><em>Dati di navigazione<\/em><\/strong><\/p>\n<p>I sistemi informatici e le procedure <em>software<\/em> preposte al funzionamento di questo sito <em>web<\/em> acquisiscono, nel corso del loro normale esercizio, alcuni dati personali la cui trasmissione \u00e8 implicita nell\u2019uso dei protocolli di comunicazione di Internet. Si tratta di informazioni che non sono raccolte per essere associate a interessati identificati, ma che per loro stessa natura potrebbero, attraverso elaborazioni ed associazioni con dati detenuti da terzi, permettere di identificare gli utenti. <\/p>\n<p>Questi dati vengono utilizzati al solo fine di ricavare informazioni statistiche anonime sull\u2019uso del sito e per controllarne il corretto funzionamento e vengono cancellati immediatamente dopo l\u2019elaborazione. I dati potrebbero essere utilizzati per l\u2019accertamento di responsabilit\u00e0 in caso di ipotetici reati informatici ai danni del sito: salva questa eventualit\u00e0, allo stato i dati sui contatti <em>web<\/em> non persistono per pi\u00f9 di sette giorni. <\/p>\n<p><strong><em>Dati forniti volontariamente dall\u2019utente<\/em><\/strong><\/p>\n<p>L\u2019invio facoltativo, esplicito e volontario di posta elettronica agli indirizzi indicati su questo sito o attraverso moduli di contatto presenti sul sito comporta la successiva acquisizione dell\u2019indirizzo email del mittente, necessario per rispondere alle richieste, nonch\u00e9 degli eventuali altri dati personali inseriti nella missiva. <\/p>\n<h3><strong>Base giuridica del trattamento<\/strong><\/h3>\n<p>La base giuridica del trattamento \u00e8 l\u2019esecuzione di un contratto di cui l\u2019interessato \u00e8 parte o all\u2019esecuzione di misure precontrattuali adottate su richiesta dello stesso (ai sensi dell\u2019articolo 6, comma 1, lett. b del Regolamento Privacy 2016\/679); l\u2019esecuzione dei servizi richiesti e\/o forniti anche attraverso il Sito e da Lei richiesti (ai sensi dell\u2019articolo 6, comma 1, lett. b del Regolamento Privacy 2016\/679); o l\u2019adempimento ad un obbligo legale al quale \u00e8 soggetto il titolare del trattamento (ai sensi dell\u2019articolo 6, comma 1, lett. c del Regolamento Privacy 2016\/679).<\/p>\n<p><strong><em>Ulteriori finalit\u00e0 di trattamento: newsletter<\/em><\/strong><\/p>\n<p>Previo Sua esplicita iscrizione al servizio, potremo altres\u00ec trattare i Suoi dati (e-mail) per inviarLe la nostra newsletter periodica, al fine di inviarti informazioni in merito alle nostre attivit\u00e0 di sensibilizzazione ed educazione come conferenze e serate a tema, o ancora in merito a libri o a corsi che riteniamo possano essere di interesse.<\/p>\n<p>La base giuridica per l\u2019invio di comunicazioni commerciali e della newsletter \u00e8 il Suo consenso espresso, che il Titolare Le richiede nel rispetto dell\u2019articolo 6, paragrafo 1, lettera a), del Regolamento generale sulla protezione. Relativamente alla finalit\u00e0 di marketing diretto, \u00e8 opportuno precisare che, in virt\u00f9 dell\u2019articolo 6, comma 1, punto f) del Regolamento, il Titolare del Trattamento potr\u00e0 comunque svolgere tale attivit\u00e0 basandosi sul proprio interesse legittimo, a prescindere dal suo consenso e comunque sino ad una sua opposizione a tale Trattamento come meglio esplicitato nel Considerando 47 del Regolamento nel quale viene \u201cconsiderato legittimo interesse trattare dati personali per finalit\u00e0 di marketing diretto\u201d. Ci\u00f2 sar\u00e0 possibile anche a seguito delle valutazioni effettuate dal Titolare del Trattamento in merito all\u2019eventuale e possibile prevalenza dei suoi interessi, diritti e libert\u00e0 fondamentali che richiedono la protezione dei Dati Personali sul loro interesse legittimo ad inviare la newsletter.  <\/p>\n<p>L\u2019Utente potr\u00e0 inoltre opporsi facilmente ad ulteriori invii di newsletter via email anche cliccando sull\u2019apposito link per la revoca del consenso, che \u00e8 presente in ciascuna email promozionale e di newsletter.<\/p>\n<h3><b>Facoltativit\u00e0 del conferimento dei dati<\/b><\/h3>\n<p>A parte quanto specificato per i dati di navigazione, l\u2019utente \u00e8 libero di fornire i dati personali riportati nei vari moduli di richiesta dati o per sollecitare l\u2019invio della newsletter, di materiale informativo o di altre comunicazioni. Il loro mancato conferimento pu\u00f2 comportare l\u2019impossibilit\u00e0 di ottenere quanto richiesto. <\/p>\n<h3><strong>Modalit\u00e0 di trattamento e tempi di conservazione dei dati<\/strong><\/h3>\n<p>I dati personali sono trattati con strumenti automatizzati per il tempo strettamente necessario a conseguire gli scopi per cui sono stati raccolti. Specifiche misure di sicurezza sono osservate per prevenire la perdita dei dati, usi illeciti o non corretti ed accessi non autorizzati. <strong> <\/strong>Il Titolare tratter\u00e0 i dati personali degli Utenti mediante strumenti manuali ed informatici, con logiche strettamente correlate alle finalit\u00e0 stesse e, comunque, in modo da garantire la sicurezza e la riservatezza dei dati stessi. I dati personali degli Utenti del Sito saranno conservati per i tempi strettamente necessari ad espletare le finalit\u00e0 primarie precedentemente illustrate, o comunque secondo quanto necessario per la tutela in sede civilistica degli interessi sia degli Utenti che del Titolare. I dati personali degli Utenti saranno conservati per i tempi strettamente necessari ad espletare le finalit\u00e0 illustrate negli stessi e, in ogni caso nei limiti di cui alla Normativa Applicabile.  <\/p>\n<h3><strong>Minorenni<\/strong><\/h3>\n<p>Questo Sito e i Servizi del Titolare non sono destinati a minori di 18 anni e il Titolare non raccoglie intenzionalmente informazioni personali riferite ai minori. Nel caso in cui informazioni su minori fossero involontariamente registrate, il Titolare le canceller\u00e0 in modo tempestivo, su richiesta degli utenti. <\/p>\n<h3><strong>Trasferimento dei dati personali<\/strong><\/h3>\n<p>I dati personali sono conservati su server ubicati all\u2019interno dell\u2019Unione Europea. <\/p>\n<h3><strong>Diritti degli interessati<\/strong><\/h3>\n<p>Ai sensi degli articoli 15, 16, 17, 18, 19, 20, 21, e 77 del Regolamento UE, si informa l\u2019Interessato che:<\/p>\n<ul>\n<li>ha il diritto di chiedere al titolare del trattamento l\u2019accesso ai dati personali, la rettifica, la cancellazione degli stessi o la limitazione del trattamento che lo riguardano o di opporsi al loro trattamento, il trasferimento presso altro titolare dei propri dati nei casi previsti;<\/li>\n<li>le eventuali rettifiche o cancellazioni o limitazioni del trattamento effettuate su richiesta dell\u2019interessato \u2013 salvo che ci\u00f2 si riveli impossibile o implichi uno sforzo sproporzionato \u2013 saranno comunicati dalla Scrivente a ciascuno dei responsabili a cui sono stati trasmessi i dati personali;<\/li>\n<li>ha il diritto di proporre un reclamo al Garante per la protezione dei dati personali, seguendo le procedure e le indicazioni pubblicate sul sito web ufficiale dell\u2019Autorit\u00e0 su <a href=\"http:\/\/www.garanteprivacy.it\/\">garanteprivacy.it<\/a>.<\/li>\n<\/ul>\n<p>L\u2019esercizio dei diritti non \u00e8 soggetto ad alcun vincolo di forma ed \u00e8 gratuito.<\/p>\n<p> <\/p>\n<p> <\/p>\n<p>INFORMATIVA COOKIE<\/p>\n<\/div>\n<\/div>\n<\/div>\n<\/div>\n<div class=\"et_pb_row et_pb_row_1\">\n<div class=\"et_pb_column et_pb_column_4_4 et_pb_column_1 et_pb_css_mix_blend_mode_passthrough et-last-child\">\n<div class=\"et_pb_module et_pb_text et_pb_text_1 et_pb_text_align_left et_pb_bg_layout_light\">\n<div class=\"et_pb_text_inner\">\n<h5>Informativa ai sensi degli articoli 13 e 14 del GDPR \u2013General Data Protection Regulation UE 2016\/679<\/h5>\n<p>Questo sito fa uso di cookie, file di testo che vengono registrati sul terminale dell\u2019utente oppure che consentono l\u2019accesso ad informazioni sul terminale dell\u2019utente. I cookie permettono di conservare informazioni sulle preferenze dei visitatori, sono utilizzati al fine di verificare il corretto funzionamento del sito e di migliorarne le funzionalit\u00e0 personalizzando il contenuto delle pagine in base al tipo del browser utilizzato, oppure per semplificarne la navigazione automatizzando le procedure (es. Login, lingua sito), ed infine per l\u2019analisi dell\u2019uso del sito da parte dei visitatori.  <\/p>\n<h3><strong>Come modificare le impostazioni relative ai cookie?<\/strong><\/h3>\n<p>Al momento dell\u2019accesso alla home page o a qualunque altra pagina del Sito, compare un banner dal quale sar\u00e0 possibile accettare o meno l\u2019utilizzo dei cookies e prendere visione delle diverse tipologie dei cookies presenti. <\/p>\n<p>\u00c8 possibile opporsi all\u2019uso dei cookie memorizzati sul proprio hard disk anche disabilitandoli dalla sezione dedicata del proprio browser. Seguire le istruzioni specifiche del browser in uso: <\/p>\n<p>I produttori del browser forniscono pagine di aiuto relative alla gestione dei cookie nei loro prodotti. Veda di seguito per ulteriori informazioni. <\/p>\n<ul>\n<li><a href=\"https:\/\/support.google.com\/chrome\/answer\/95647?hl=en\">Google Chrome<\/a><\/li>\n<li><a href=\"https:\/\/support.microsoft.com\/en-us\/kb\/260971\">Internet Explorer<\/a><\/li>\n<li><a href=\"https:\/\/support.mozilla.org\/en-US\/kb\/cookies-information-websites-store-on-your-computer\">Mozilla Firefox<\/a><\/li>\n<li><a href=\"https:\/\/support.apple.com\/kb\/PH5042?locale=en_US\">Safari (Desktop)<\/a><\/li>\n<li><a href=\"https:\/\/support.apple.com\/en-us\/HT201265\">Safari (Mobile)<\/a><\/li>\n<li><a href=\"http:\/\/support.google.com\/ics\/nexus\/bin\/answer.py?hl=en&amp;answer=2425067\">Browser Android<\/a><\/li>\n<li><a href=\"http:\/\/www.opera.com\/help\">Opera<\/a><\/li>\n<li><a class=\"__mPS2id\" href=\"http:\/\/www.opera.com\/help\/mobile\/android#privacy\">Opera Mobile<\/a><\/li>\n<\/ul>\n<p>Per gli altri browser, consulti la documentazione fornita dal produttore. La disabilitazione dei cookies potrebbe per\u00f2 comportare problemi di visualizzazione di questo sito web. <\/p>\n<p>I dati acquisiti mediante i cookie sono gestiti:<\/p>\n<ul>\n<li>dai dipendenti e dai collaboratori della scrivente quali soggetti designati e autorizzati al trattamento;<\/li>\n<li>da societ\u00e0 a cui \u00e8 stato affidato il compito di eseguire operazioni tecniche e organizzative in nostra vece (ad esempio, i fornitori di servizi web).<\/li>\n<\/ul>\n<p> <\/p>\n<p class=\"p2\"><span class=\"s2\">I dati raccolti dai servizi di terzi che potrebbero trovarsi al di fuori dell\u2019UE, come ad esempio Google Analytics, sono totalmente anonimi in quanto <strong>questo sito utilizza la versione aggiornata di GA4 che <\/strong><\/span><strong>non registra n\u00e9 archivia gli indirizzi IP, la raccolta dei dati Google Signals \u00e8 inoltre disattiva<\/strong>.<\/p>\n<p class=\"p2\">Per maggiori info: <a href=\"https:\/\/support.google.com\/analytics\/answer\/12017362?hl=it\">https:\/\/support.google.com\/analytics\/answer\/12017362?hl=it<\/a> .<\/p>\n<p> <\/p>\n<p>***<\/p>\n<p>Informativa aggiornata al <strong>28\/07\/2022<\/strong>. Tale aggiornamento \u00e8 effettuato all\u2019interno di una politica di costante revisione delle informative. <\/p>\n<\/div>\n<\/div>\n<\/div>\n<\/div>\t\t\t\t\t\t\t\t<\/div>\n\t\t\t\t<\/div>\n\t\t\t\t\t<\/div>\n\t\t\t\t<\/div>\n\t\t\t\t<\/div>\n\t\t","protected":false},"excerpt":{"rendered":"<p>Privacy Informativa ai sensi degli articoli 13 del GDPR \u2013General Data Protection Regulation UE 2016\/679 In questa pagina si descrivono le modalit\u00e0 di gestione del sito in riferimento al trattamento dei dati personali degli utenti che lo consultano. Si tratta di un\u2019informativa che \u00e8 resa anche ai sensi dell\u2019art. 13 del Regolamento Europeo 2016\/679, a [&hellip;]<\/p>\n","protected":false},"author":1,"featured_media":0,"parent":0,"menu_order":0,"comment_status":"closed","ping_status":"open","template":"elementor_header_footer","meta":{"_acf_changed":false,"inline_featured_image":false,"_joinchat":[],"footnotes":""},"class_list":["post-2270","page","type-page","status-publish","hentry"],"acf":[],"yoast_head":"<!-- This site is optimized with the Yoast SEO plugin v27.4 - https:\/\/yoast.com\/product\/yoast-seo-wordpress\/ -->\n<title>Privacy Policy - Corona Dolomites Hotel Andalo<\/title>\n<meta name=\"robots\" content=\"noindex, follow\" \/>\n<meta property=\"og:locale\" content=\"en_US\" \/>\n<meta property=\"og:type\" content=\"article\" \/>\n<meta property=\"og:title\" content=\"Privacy Policy - Corona Dolomites Hotel Andalo\" \/>\n<meta property=\"og:description\" content=\"Privacy Informativa ai sensi degli articoli 13 del GDPR \u2013General Data Protection Regulation UE 2016\/679 In questa pagina si descrivono le modalit\u00e0 di gestione del sito in riferimento al trattamento dei dati personali degli utenti che lo consultano. Si tratta di un\u2019informativa che \u00e8 resa anche ai sensi dell\u2019art. 13 del Regolamento Europeo 2016\/679, a [&hellip;]\" \/>\n<meta property=\"og:url\" content=\"https:\/\/www.coronadolomiteshotel.com\/en\/privacy-policy\/\" \/>\n<meta property=\"og:site_name\" content=\"Corona Dolomites Hotel Andalo\" \/>\n<meta property=\"article:publisher\" content=\"https:\/\/www.facebook.com\/coronadolomiteshotel\" \/>\n<meta property=\"article:modified_time\" content=\"2024-06-14T13:16:06+00:00\" \/>\n<meta name=\"twitter:card\" content=\"summary_large_image\" \/>\n<meta name=\"twitter:label1\" content=\"Est. reading time\" \/>\n\t<meta name=\"twitter:data1\" content=\"8 minutes\" \/>\n<script type=\"application\/ld+json\" class=\"yoast-schema-graph\">{\"@context\":\"https:\\\/\\\/schema.org\",\"@graph\":[{\"@type\":\"WebPage\",\"@id\":\"https:\\\/\\\/www.coronadolomiteshotel.com\\\/en\\\/privacy-policy\\\/\",\"url\":\"https:\\\/\\\/www.coronadolomiteshotel.com\\\/en\\\/privacy-policy\\\/\",\"name\":\"Privacy Policy - Corona Dolomites Hotel Andalo\",\"isPartOf\":{\"@id\":\"https:\\\/\\\/www.coronadolomiteshotel.com\\\/en\\\/#website\"},\"datePublished\":\"2024-05-20T09:27:50+00:00\",\"dateModified\":\"2024-06-14T13:16:06+00:00\",\"breadcrumb\":{\"@id\":\"https:\\\/\\\/www.coronadolomiteshotel.com\\\/en\\\/privacy-policy\\\/#breadcrumb\"},\"inLanguage\":\"en-US\",\"potentialAction\":[{\"@type\":\"ReadAction\",\"target\":[\"https:\\\/\\\/www.coronadolomiteshotel.com\\\/en\\\/privacy-policy\\\/\"]}]},{\"@type\":\"BreadcrumbList\",\"@id\":\"https:\\\/\\\/www.coronadolomiteshotel.com\\\/en\\\/privacy-policy\\\/#breadcrumb\",\"itemListElement\":[{\"@type\":\"ListItem\",\"position\":1,\"name\":\"Home\",\"item\":\"https:\\\/\\\/www.coronadolomiteshotel.com\\\/en\\\/home\\\/\"},{\"@type\":\"ListItem\",\"position\":2,\"name\":\"Privacy Policy\"}]},{\"@type\":\"WebSite\",\"@id\":\"https:\\\/\\\/www.coronadolomiteshotel.com\\\/en\\\/#website\",\"url\":\"https:\\\/\\\/www.coronadolomiteshotel.com\\\/en\\\/\",\"name\":\"Hotel Andalo - Corona Dolomites Hotel\",\"description\":\"Hotel Andalo con SPA, nel cuore del Trentino, tra le Dolomiti di Brenta\",\"publisher\":{\"@id\":\"https:\\\/\\\/www.coronadolomiteshotel.com\\\/en\\\/#organization\"},\"alternateName\":\"Corona Dolomites Hotel\",\"potentialAction\":[{\"@type\":\"SearchAction\",\"target\":{\"@type\":\"EntryPoint\",\"urlTemplate\":\"https:\\\/\\\/www.coronadolomiteshotel.com\\\/en\\\/?s={search_term_string}\"},\"query-input\":{\"@type\":\"PropertyValueSpecification\",\"valueRequired\":true,\"valueName\":\"search_term_string\"}}],\"inLanguage\":\"en-US\"},{\"@type\":\"Organization\",\"@id\":\"https:\\\/\\\/www.coronadolomiteshotel.com\\\/en\\\/#organization\",\"name\":\"Hotel Andalo - Corona Dolomites Hotel\",\"alternateName\":\"Corona Dolomites Hotel\",\"url\":\"https:\\\/\\\/www.coronadolomiteshotel.com\\\/en\\\/\",\"logo\":{\"@type\":\"ImageObject\",\"inLanguage\":\"en-US\",\"@id\":\"https:\\\/\\\/www.coronadolomiteshotel.com\\\/en\\\/#\\\/schema\\\/logo\\\/image\\\/\",\"url\":\"https:\\\/\\\/www.coronadolomiteshotel.com\\\/wp-content\\\/uploads\\\/2024\\\/05\\\/Nome-corona.svg\",\"contentUrl\":\"https:\\\/\\\/www.coronadolomiteshotel.com\\\/wp-content\\\/uploads\\\/2024\\\/05\\\/Nome-corona.svg\",\"width\":398,\"height\":213,\"caption\":\"Hotel Andalo - Corona Dolomites Hotel\"},\"image\":{\"@id\":\"https:\\\/\\\/www.coronadolomiteshotel.com\\\/en\\\/#\\\/schema\\\/logo\\\/image\\\/\"},\"sameAs\":[\"https:\\\/\\\/www.facebook.com\\\/coronadolomiteshotel\",\"https:\\\/\\\/www.instagram.com\\\/coronadolomiteshotel\\\/\"]}]}<\/script>\n<!-- \/ Yoast SEO plugin. -->","yoast_head_json":{"title":"Privacy Policy - Corona Dolomites Hotel Andalo","robots":{"index":"noindex","follow":"follow"},"og_locale":"en_US","og_type":"article","og_title":"Privacy Policy - Corona Dolomites Hotel Andalo","og_description":"Privacy Informativa ai sensi degli articoli 13 del GDPR \u2013General Data Protection Regulation UE 2016\/679 In questa pagina si descrivono le modalit\u00e0 di gestione del sito in riferimento al trattamento dei dati personali degli utenti che lo consultano. Si tratta di un\u2019informativa che \u00e8 resa anche ai sensi dell\u2019art. 13 del Regolamento Europeo 2016\/679, a [&hellip;]","og_url":"https:\/\/www.coronadolomiteshotel.com\/en\/privacy-policy\/","og_site_name":"Corona Dolomites Hotel Andalo","article_publisher":"https:\/\/www.facebook.com\/coronadolomiteshotel","article_modified_time":"2024-06-14T13:16:06+00:00","twitter_card":"summary_large_image","twitter_misc":{"Est. reading time":"8 minutes"},"schema":{"@context":"https:\/\/schema.org","@graph":[{"@type":"WebPage","@id":"https:\/\/www.coronadolomiteshotel.com\/en\/privacy-policy\/","url":"https:\/\/www.coronadolomiteshotel.com\/en\/privacy-policy\/","name":"Privacy Policy - Corona Dolomites Hotel Andalo","isPartOf":{"@id":"https:\/\/www.coronadolomiteshotel.com\/en\/#website"},"datePublished":"2024-05-20T09:27:50+00:00","dateModified":"2024-06-14T13:16:06+00:00","breadcrumb":{"@id":"https:\/\/www.coronadolomiteshotel.com\/en\/privacy-policy\/#breadcrumb"},"inLanguage":"en-US","potentialAction":[{"@type":"ReadAction","target":["https:\/\/www.coronadolomiteshotel.com\/en\/privacy-policy\/"]}]},{"@type":"BreadcrumbList","@id":"https:\/\/www.coronadolomiteshotel.com\/en\/privacy-policy\/#breadcrumb","itemListElement":[{"@type":"ListItem","position":1,"name":"Home","item":"https:\/\/www.coronadolomiteshotel.com\/en\/home\/"},{"@type":"ListItem","position":2,"name":"Privacy Policy"}]},{"@type":"WebSite","@id":"https:\/\/www.coronadolomiteshotel.com\/en\/#website","url":"https:\/\/www.coronadolomiteshotel.com\/en\/","name":"Hotel Andalo - Corona Dolomites Hotel","description":"Hotel Andalo con SPA, nel cuore del Trentino, tra le Dolomiti di Brenta","publisher":{"@id":"https:\/\/www.coronadolomiteshotel.com\/en\/#organization"},"alternateName":"Corona Dolomites Hotel","potentialAction":[{"@type":"SearchAction","target":{"@type":"EntryPoint","urlTemplate":"https:\/\/www.coronadolomiteshotel.com\/en\/?s={search_term_string}"},"query-input":{"@type":"PropertyValueSpecification","valueRequired":true,"valueName":"search_term_string"}}],"inLanguage":"en-US"},{"@type":"Organization","@id":"https:\/\/www.coronadolomiteshotel.com\/en\/#organization","name":"Hotel Andalo - Corona Dolomites Hotel","alternateName":"Corona Dolomites Hotel","url":"https:\/\/www.coronadolomiteshotel.com\/en\/","logo":{"@type":"ImageObject","inLanguage":"en-US","@id":"https:\/\/www.coronadolomiteshotel.com\/en\/#\/schema\/logo\/image\/","url":"https:\/\/www.coronadolomiteshotel.com\/wp-content\/uploads\/2024\/05\/Nome-corona.svg","contentUrl":"https:\/\/www.coronadolomiteshotel.com\/wp-content\/uploads\/2024\/05\/Nome-corona.svg","width":398,"height":213,"caption":"Hotel Andalo - Corona Dolomites Hotel"},"image":{"@id":"https:\/\/www.coronadolomiteshotel.com\/en\/#\/schema\/logo\/image\/"},"sameAs":["https:\/\/www.facebook.com\/coronadolomiteshotel","https:\/\/www.instagram.com\/coronadolomiteshotel\/"]}]}},"_links":{"self":[{"href":"https:\/\/www.coronadolomiteshotel.com\/en\/wp-json\/wp\/v2\/pages\/2270","targetHints":{"allow":["GET"]}}],"collection":[{"href":"https:\/\/www.coronadolomiteshotel.com\/en\/wp-json\/wp\/v2\/pages"}],"about":[{"href":"https:\/\/www.coronadolomiteshotel.com\/en\/wp-json\/wp\/v2\/types\/page"}],"author":[{"embeddable":true,"href":"https:\/\/www.coronadolomiteshotel.com\/en\/wp-json\/wp\/v2\/users\/1"}],"replies":[{"embeddable":true,"href":"https:\/\/www.coronadolomiteshotel.com\/en\/wp-json\/wp\/v2\/comments?post=2270"}],"version-history":[{"count":3,"href":"https:\/\/www.coronadolomiteshotel.com\/en\/wp-json\/wp\/v2\/pages\/2270\/revisions"}],"predecessor-version":[{"id":2273,"href":"https:\/\/www.coronadolomiteshotel.com\/en\/wp-json\/wp\/v2\/pages\/2270\/revisions\/2273"}],"wp:attachment":[{"href":"https:\/\/www.coronadolomiteshotel.com\/en\/wp-json\/wp\/v2\/media?parent=2270"}],"curies":[{"name":"wp","href":"https:\/\/api.w.org\/{rel}","templated":true}]}}